{"id":4075,"date":"2024-10-01T08:32:24","date_gmt":"2024-10-01T06:32:24","guid":{"rendered":"https:\/\/blog.apartmentbarcelona.com\/inicio\/"},"modified":"2025-09-05T11:41:17","modified_gmt":"2025-09-05T09:41:17","slug":"inicio","status":"publish","type":"page","link":"https:\/\/blog.apartmentbarcelona.com\/fr\/inicio\/","title":{"rendered":"Home"},"content":{"rendered":"<div class=\"wpb-content-wrapper\"><p>[vc_row css=&#8221;.vc_custom_1543999578679{margin-top: 0px !important;margin-bottom: 80px !important;padding-top: 0px !important;}&#8221;][vc_column offset=&#8221;vc_hidden-sm vc_hidden-xs&#8221;]\n\t\t\t\t<p class=\"rs-p-wp-fix\"><\/p>\n\t\t\t\t<sr7-module data-alias=\"slider-inicio-it-1\" data-id=\"12\" id=\"SR7_12_1\" class=\"rs-ov-hidden\" data-version=\"6.7.34\">\n\t\t\t\t\t<sr7-adjuster><\/sr7-adjuster>\n\t\t\t\t\t<sr7-content>\n\t\t\t\t\t\t<sr7-slide id=\"SR7_12_1-37\" data-key=\"37\">\n\t\t\t\t\t\t\t<sr7-bg id=\"SR7_12_1-37-3\" class=\"sr7-layer\"><noscript><img decoding=\"async\" src=\"https:\/\/blog.apartmentbarcelona.com\/wp-content\/uploads\/2023\/05\/pexels-archie-mcnicol-559645417-18602899-scaled.webp\" alt=\"Aerial view of the Sagrada Familia in Barcelona, surrounded by the cityscape with green spaces and residential buildings, as seen during sunset.\" title=\"Aerial View of the Sagrada Familia and Barcelona Cityscape at Sunset\"><\/noscript><\/sr7-bg>\n\t\t\t\t\t\t\t<sr7-txt id=\"SR7_12_1-37-2\" class=\"sr7-layer\">Votre Guide Local pour un S\u00e9jour <br \/>Inoubliable \u00e0 Barcelone<\/sr7-txt>\n\t\t\t\t\t\t<\/sr7-slide>\n\t\t\t\t\t\t<sr7-slide id=\"SR7_12_1-38\" data-key=\"38\">\n\t\t\t\t\t\t\t<sr7-bg id=\"SR7_12_1-38-6\" class=\"sr7-layer\"><noscript><img decoding=\"async\" src=\"https:\/\/blog.apartmentbarcelona.com\/wp-content\/uploads\/2025\/06\/pexels-apasaric-1388030-scaled.webp\" alt=\"A breathtaking view of Barcelona&#039;s skyline at sunset, with landmarks such as the Columbus Monument and the Torre Agbar standing tall against the vibrant colors of the sky.\" title=\"pexels-apasaric-1388030\"><\/noscript><\/sr7-bg>\n\t\t\t\t\t\t\t<sr7-txt id=\"SR7_12_1-38-4\" class=\"sr7-layer\">Ne jamais arr\u00eater d'explorer<\/sr7-txt>\n\t\t\t\t\t\t\t<sr7-txt id=\"SR7_12_1-38-5\" class=\"sr7-layer\">Une ville magnifique pleine de paysages \u00e0 couper le souffle et d'architecture fascinante<\/sr7-txt>\n\t\t\t\t\t\t<\/sr7-slide>\n\t\t\t\t\t\t<sr7-slide id=\"SR7_12_1-40\" data-key=\"40\">\n\t\t\t\t\t\t<\/sr7-slide>\n\t\t\t\t\t<\/sr7-content>\n\t\t\t\t\t<image_lists style=\"display:none\">\n\t\t\t\t\t\t<img data-src=\"\/\/blog.apartmentbarcelona.com\/wp-content\/uploads\/2023\/05\/pexels-archie-mcnicol-559645417-18602899-scaled.webp\" data-libid=\"72698\" data-lib=\"medialibrary\" alt=\"Aerial view of the Sagrada Familia in Barcelona, surrounded by the cityscape with green spaces and residential buildings, as seen during sunset.\" title=\"Aerial View of the Sagrada Familia and Barcelona Cityscape at Sunset\" width=\"0\" height=\"0\" data-dbsrc=\"Ly9ibG9nLmFwYXJ0bWVudGJhcmNlbG9uYS5jb20vd3AtY29udGVudC91cGxvYWRzLzIwMjMvMDUvcGV4ZWxzLWFyY2hpZS1tY25pY29sLTU1OTY0NTQxNy0xODYwMjg5OS1zY2FsZWQud2VicA==\"\/>\n\t\t\t\t\t\t<img data-src=\"\/\/blog.apartmentbarcelona.com\/wp-content\/uploads\/2025\/06\/pexels-apasaric-1388030-scaled.webp\" data-libid=\"71215\" data-lib=\"medialibrary\" alt=\"A breathtaking view of Barcelona&#039;s skyline at sunset, with landmarks such as the Columbus Monument and the Torre Agbar standing tall against the vibrant colors of the sky.\" title=\"pexels-apasaric-1388030\" width=\"0\" height=\"0\" data-dbsrc=\"Ly9ibG9nLmFwYXJ0bWVudGJhcmNlbG9uYS5jb20vd3AtY29udGVudC91cGxvYWRzLzIwMjUvMDYvcGV4ZWxzLWFwYXNhcmljLTEzODgwMzAtc2NhbGVkLndlYnA=\"\/>\n\t\t\t\t\t<\/image_lists>\n\t\t\t\t<\/sr7-module>\n\t\t\t\t<script>\n\t\t\t\t\tSR7.PMH ??={}; SR7.PMH[\"SR7_12_1\"] = {cn:100,state:false,fn: function() { if (_tpt!==undefined && _tpt.prepareModuleHeight !== undefined) {  _tpt.prepareModuleHeight({id:\"SR7_12_1\",el:[600,600,768,960,720],type:'standard',shdw:'0',gh:[600,600,768,960,720],gw:[1240,1240,1024,778,480],vpt:['-100px&#039;,&#039;-100px&#039;,&#039;-100px&#039;,&#039;-100px&#039;,&#039;-100px'],size:{fullWidth:true, fullHeight:false},mh:'0',onh:0,onw:0,bg:{color:'{\"orig\":\"transparent\",\"type\":\"solid\",\"string\":\"transparent\"}'},plType:'-1',plColor:'#FFFFFF'});   SR7.PMH[\"SR7_12_1\"].state=true;} else if(SR7.PMH[\"SR7_12_1\"].cn-->0)\tsetTimeout( SR7.PMH[\"SR7_12_1\"].fn,19);}};SR7.PMH[\"SR7_12_1\" ].fn();\n\t\t\t\t<\/script>\n[\/vc_column][\/vc_row][vc_row css=&#8221;.vc_custom_1543999641352{margin-bottom: 0px !important;}&#8221;][vc_column width=&#8221;2\/3&#8243; css=&#8221;.vc_custom_1543999650111{margin-bottom: 0px !important;}&#8221;]<div class=\"blog-posts simple-posts blog-posts-shortcode-v2 blog-posts-shortcode wow \"><div class=\"row\"><article class=\"single-post list-view col-md-12 normal-h\">\n\t\t        \t\t\t<div class=\"blog_custom\"><!-- POST THUMBNAIL --><div class=\"col-md-12 post-thumbnail\"><a class=\"relative\" href=\"https:\/\/blog.apartmentbarcelona.com\/fr\/bars-et-restaurants-a-sant-antoni\/\"><img decoding=\"async\" class=\"blog_post_image\" src=\"https:\/\/blog.apartmentbarcelona.com\/wp-content\/uploads\/2026\/04\/admin-ajax.jpg\" alt=\"Bars et restaurants \u00e0 Sant Antoni\" \/><\/a><\/div><!-- POST DETAILS -->\n\t\t                      <div class=\"post-details col-md-12\">\n\n\t\t                        <div class=\"title-n-excerpt\">\n\t\t                          <div class=\"post-category-comment-date row\">\n\n\t\t                              <!-- POST META: DATE -->\n\t\t                              <span class=\"post-date\">\n\t\t                                  <i class=\"fa fa-clock-o\"><\/i><span class=\"post-date-list\">Avr 23, 2026<\/span>\n\t\t                              <\/span>\n\n\t\t                              <!-- POST META: TAGS --><!-- POST META: AUTHOR --><span class=\"author\">\n\t\t                          \t  \t\t<i class=\"fa fa-user\"><\/i><a href=\"https:\/\/blog.apartmentbarcelona.com\/fr\/author\/apbcn\/\">Apartment Barcelona<\/a>\n\t\t                          \t  <\/span><\/div>\n\n\n\t\t                          <h3 class=\"post-name row\">\n\t\t                            <a href=\"https:\/\/blog.apartmentbarcelona.com\/fr\/bars-et-restaurants-a-sant-antoni\/\" title=\"Bars et restaurants \u00e0 Sant Antoni\">Bars et restaurants \u00e0 Sant Antoni<\/a>\n\t\t                          <\/h3>\n              \t\t\t\t      <!-- POST CONTENT \/ EXCERPT -->\n\t\t\t\t                \t<div class=\"post-excerpt\"><p>D\u00e9couvrez les meilleurs bars et restaurants de Sant Antoni, un quartier plein de vie, de tradition et de belles adresses gourmandes \u00e0 savourer comme un vrai local. [...]\n\t\t\t\t                  <\/p><\/div>\n\t\t                        <\/div>\n\t\t                      <\/div>\n\t\t                    <\/div><\/article><article class=\"single-post list-view col-md-12 normal-h\">\n\t\t        \t\t\t<div class=\"blog_custom\"><!-- POST THUMBNAIL --><div class=\"col-md-12 post-thumbnail\"><a class=\"relative\" href=\"https:\/\/blog.apartmentbarcelona.com\/fr\/les-10-principales-attractions-a-visiter-a-barcelone\/\"><img decoding=\"async\" class=\"blog_post_image\" src=\"https:\/\/blog.apartmentbarcelona.com\/wp-content\/uploads\/2026\/04\/admin-ajax-13.jpg\" alt=\"Les 10 principales attractions \u00e0 visiter \u00e0 Barcelone\" \/><\/a><\/div><!-- POST DETAILS -->\n\t\t                      <div class=\"post-details col-md-12\">\n\n\t\t                        <div class=\"title-n-excerpt\">\n\t\t                          <div class=\"post-category-comment-date row\">\n\n\t\t                              <!-- POST META: DATE -->\n\t\t                              <span class=\"post-date\">\n\t\t                                  <i class=\"fa fa-clock-o\"><\/i><span class=\"post-date-list\">Avr 21, 2026<\/span>\n\t\t                              <\/span>\n\n\t\t                              <!-- POST META: TAGS --><!-- POST META: AUTHOR --><span class=\"author\">\n\t\t                          \t  \t\t<i class=\"fa fa-user\"><\/i><a href=\"https:\/\/blog.apartmentbarcelona.com\/fr\/author\/apbcn\/\">Apartment Barcelona<\/a>\n\t\t                          \t  <\/span><\/div>\n\n\n\t\t                          <h3 class=\"post-name row\">\n\t\t                            <a href=\"https:\/\/blog.apartmentbarcelona.com\/fr\/les-10-principales-attractions-a-visiter-a-barcelone\/\" title=\"Les 10 principales attractions \u00e0 visiter \u00e0 Barcelone\">Les 10 principales attractions \u00e0 visiter \u00e0 Barcelone<\/a>\n\t\t                          <\/h3>\n              \t\t\t\t      <!-- POST CONTENT \/ EXCERPT -->\n\t\t\t\t                \t<div class=\"post-excerpt\"><p>Tu pr\u00e9vois un voyage \u00e0 Barcelone ? Voici un guide avec les 10 attractions incontournables de Barcelone, de Gaud\u00ed \u00e0 la plage, pour organiser ton voyage et ne rien manquer de l'essentiel. [...]\n\t\t\t\t                  <\/p><\/div>\n\t\t                        <\/div>\n\t\t                      <\/div>\n\t\t                    <\/div><\/article><article class=\"single-post list-view col-md-12 normal-h\">\n\t\t        \t\t\t<div class=\"blog_custom\"><!-- POST THUMBNAIL --><div class=\"col-md-12 post-thumbnail\"><a class=\"relative\" href=\"https:\/\/blog.apartmentbarcelona.com\/fr\/los-mejores-barrios-para-estudiantes-en-barcelona\/\"><img decoding=\"async\" class=\"blog_post_image\" src=\"https:\/\/blog.apartmentbarcelona.com\/wp-content\/uploads\/2026\/04\/admin-ajax-11-1.jpg\" alt=\"Los Mejores Barrios para Estudiantes en Barcelona\" \/><\/a><\/div><!-- POST DETAILS -->\n\t\t                      <div class=\"post-details col-md-12\">\n\n\t\t                        <div class=\"title-n-excerpt\">\n\t\t                          <div class=\"post-category-comment-date row\">\n\n\t\t                              <!-- POST META: DATE -->\n\t\t                              <span class=\"post-date\">\n\t\t                                  <i class=\"fa fa-clock-o\"><\/i><span class=\"post-date-list\">Avr 16, 2026<\/span>\n\t\t                              <\/span>\n\n\t\t                              <!-- POST META: TAGS --><!-- POST META: AUTHOR --><span class=\"author\">\n\t\t                          \t  \t\t<i class=\"fa fa-user\"><\/i><a href=\"https:\/\/blog.apartmentbarcelona.com\/fr\/author\/apbcn\/\">Apartment Barcelona<\/a>\n\t\t                          \t  <\/span><\/div>\n\n\n\t\t                          <h3 class=\"post-name row\">\n\t\t                            <a href=\"https:\/\/blog.apartmentbarcelona.com\/fr\/los-mejores-barrios-para-estudiantes-en-barcelona\/\" title=\"Los Mejores Barrios para Estudiantes en Barcelona\">Los Mejores Barrios para Estudiantes en Barcelona<\/a>\n\t\t                          <\/h3>\n              \t\t\t\t      <!-- POST CONTENT \/ EXCERPT -->\n\t\t\t\t                \t<div class=\"post-excerpt\"><p>Vous venez \u00e9tudier \u00e0 Barcelone et vous ne savez pas dans quel quartier loger ? Avec une telle diversit\u00e9 de quartiers, chacun avec sa propre personnalit\u00e9, consultez notre guide pour vous aider \u00e0 choisir celui [...]\n\t\t\t\t                  <\/p><\/div>\n\t\t                        <\/div>\n\t\t                      <\/div>\n\t\t                    <\/div><\/article><article class=\"single-post list-view col-md-12 normal-h\">\n\t\t        \t\t\t<div class=\"blog_custom\"><!-- POST THUMBNAIL --><div class=\"col-md-12 post-thumbnail\"><a class=\"relative\" href=\"https:\/\/blog.apartmentbarcelona.com\/fr\/la-diada-de-sant-jordi-la-fete-du-livre-et-des-roses-a-barcelone-2026\/\"><img decoding=\"async\" class=\"blog_post_image\" src=\"https:\/\/blog.apartmentbarcelona.com\/wp-content\/uploads\/2026\/04\/admin-ajax-5.webp\" alt=\"La Diada de Sant Jordi : la f\u00eate du livre et des roses \u00e0 Barcelone 2026\" \/><\/a><\/div><!-- POST DETAILS -->\n\t\t                      <div class=\"post-details col-md-12\">\n\n\t\t                        <div class=\"title-n-excerpt\">\n\t\t                          <div class=\"post-category-comment-date row\">\n\n\t\t                              <!-- POST META: DATE -->\n\t\t                              <span class=\"post-date\">\n\t\t                                  <i class=\"fa fa-clock-o\"><\/i><span class=\"post-date-list\">Avr 14, 2026<\/span>\n\t\t                              <\/span>\n\n\t\t                              <!-- POST META: TAGS --><!-- POST META: AUTHOR --><span class=\"author\">\n\t\t                          \t  \t\t<i class=\"fa fa-user\"><\/i><a href=\"https:\/\/blog.apartmentbarcelona.com\/fr\/author\/apbcn\/\">Apartment Barcelona<\/a>\n\t\t                          \t  <\/span><\/div>\n\n\n\t\t                          <h3 class=\"post-name row\">\n\t\t                            <a href=\"https:\/\/blog.apartmentbarcelona.com\/fr\/la-diada-de-sant-jordi-la-fete-du-livre-et-des-roses-a-barcelone-2026\/\" title=\"La Diada de Sant Jordi : la f\u00eate du livre et des roses \u00e0 Barcelone 2026\">La Diada de Sant Jordi : la f\u00eate du livre et des roses \u00e0 Barcelone 2026<\/a>\n\t\t                          <\/h3>\n              \t\t\t\t      <!-- POST CONTENT \/ EXCERPT -->\n\t\t\t\t                \t<div class=\"post-excerpt\"><p>La Diada de Sant Jordi est la version catalane de la Saint-Valentin. D\u00e9couvrez \u00e0 quoi vous attendre et pourquoi vous verrez du rouge (ainsi que du blanc et du jaune\u00a0!) lors de cette journ\u00e9e color\u00e9e [...]\n\t\t\t\t                  <\/p><\/div>\n\t\t                        <\/div>\n\t\t                      <\/div>\n\t\t                    <\/div><\/article><article class=\"single-post list-view col-md-12 normal-h\">\n\t\t        \t\t\t<div class=\"blog_custom\"><!-- POST THUMBNAIL --><div class=\"col-md-12 post-thumbnail\"><a class=\"relative\" href=\"https:\/\/blog.apartmentbarcelona.com\/fr\/los-secretos-del-barrio-gotico-de-barcelona\/\"><img decoding=\"async\" class=\"blog_post_image\" src=\"https:\/\/blog.apartmentbarcelona.com\/wp-content\/uploads\/2026\/04\/admin-ajax-11.jpg\" alt=\"Los secretos del barrio G\u00f3tico de Barcelona\" \/><\/a><\/div><!-- POST DETAILS -->\n\t\t                      <div class=\"post-details col-md-12\">\n\n\t\t                        <div class=\"title-n-excerpt\">\n\t\t                          <div class=\"post-category-comment-date row\">\n\n\t\t                              <!-- POST META: DATE -->\n\t\t                              <span class=\"post-date\">\n\t\t                                  <i class=\"fa fa-clock-o\"><\/i><span class=\"post-date-list\">Avr 9, 2026<\/span>\n\t\t                              <\/span>\n\n\t\t                              <!-- POST META: TAGS --><!-- POST META: AUTHOR --><span class=\"author\">\n\t\t                          \t  \t\t<i class=\"fa fa-user\"><\/i><a href=\"https:\/\/blog.apartmentbarcelona.com\/fr\/author\/apbcn\/\">Apartment Barcelona<\/a>\n\t\t                          \t  <\/span><\/div>\n\n\n\t\t                          <h3 class=\"post-name row\">\n\t\t                            <a href=\"https:\/\/blog.apartmentbarcelona.com\/fr\/los-secretos-del-barrio-gotico-de-barcelona\/\" title=\"Los secretos del barrio G\u00f3tico de Barcelona\">Los secretos del barrio G\u00f3tico de Barcelona<\/a>\n\t\t                          <\/h3>\n              \t\t\t\t      <!-- POST CONTENT \/ EXCERPT -->\n\t\t\t\t                \t<div class=\"post-excerpt\"><p>Explore les secrets du quartier gothique de Barcelone : art cach\u00e9, histoire m\u00e9di\u00e9vale et recoins uniques qui vont bien au-del\u00e0 des itin\u00e9raires touristiques classiques. [...]\n\t\t\t\t                  <\/p><\/div>\n\t\t                        <\/div>\n\t\t                      <\/div>\n\t\t                    <\/div><\/article><article class=\"single-post list-view col-md-12 normal-h\">\n\t\t        \t\t\t<div class=\"blog_custom\"><!-- POST THUMBNAIL --><div class=\"col-md-12 post-thumbnail\"><a class=\"relative\" href=\"https:\/\/blog.apartmentbarcelona.com\/fr\/decouvrez-poble-sec-que-voir-ou-manger-et-comment-en-profiter\/\"><img decoding=\"async\" class=\"blog_post_image\" src=\"https:\/\/blog.apartmentbarcelona.com\/wp-content\/uploads\/2023\/02\/34567.png\" alt=\"D\u00e9couvrez Poble Sec : que voir, o\u00f9 manger et comment en profiter\" \/><\/a><\/div><!-- POST DETAILS -->\n\t\t                      <div class=\"post-details col-md-12\">\n\n\t\t                        <div class=\"title-n-excerpt\">\n\t\t                          <div class=\"post-category-comment-date row\">\n\n\t\t                              <!-- POST META: DATE -->\n\t\t                              <span class=\"post-date\">\n\t\t                                  <i class=\"fa fa-clock-o\"><\/i><span class=\"post-date-list\">Avr 7, 2026<\/span>\n\t\t                              <\/span>\n\n\t\t                              <!-- POST META: TAGS --><!-- POST META: AUTHOR --><span class=\"author\">\n\t\t                          \t  \t\t<i class=\"fa fa-user\"><\/i><a href=\"https:\/\/blog.apartmentbarcelona.com\/fr\/author\/apbcn\/\">Apartment Barcelona<\/a>\n\t\t                          \t  <\/span><\/div>\n\n\n\t\t                          <h3 class=\"post-name row\">\n\t\t                            <a href=\"https:\/\/blog.apartmentbarcelona.com\/fr\/decouvrez-poble-sec-que-voir-ou-manger-et-comment-en-profiter\/\" title=\"D\u00e9couvrez Poble Sec : que voir, o\u00f9 manger et comment en profiter\">D\u00e9couvrez Poble Sec : que voir, o\u00f9 manger et comment en profiter<\/a>\n\t\t                          <\/h3>\n              \t\t\t\t      <!-- POST CONTENT \/ EXCERPT -->\n\t\t\t\t                \t<div class=\"post-excerpt\"><p>Entre l\u2019effervescence du centre et le calme de Montju\u00efc, Poble Sec est l\u2019un de ces quartiers que l\u2019on d\u00e9couvre presque par hasard\u2026 et qui finissent par surprendre. Avec ses rues pleines de vie locale, ses [...]\n\t\t\t\t                  <\/p><\/div>\n\t\t                        <\/div>\n\t\t                      <\/div>\n\t\t                    <\/div><\/article><article class=\"single-post list-view col-md-12 normal-h\">\n\t\t        \t\t\t<div class=\"blog_custom\"><!-- POST THUMBNAIL --><div class=\"col-md-12 post-thumbnail\"><a class=\"relative\" href=\"https:\/\/blog.apartmentbarcelona.com\/fr\/eventos-a-barcelone-en-avril-2026-guide-complet-avec-dates-lieux-et-a-quoi-sattendre\/\"><img decoding=\"async\" class=\"blog_post_image\" src=\"https:\/\/blog.apartmentbarcelona.com\/wp-content\/uploads\/2026\/04\/abril.png\" alt=\"Eventos \u00e0 Barcelone en avril 2026 : guide complet avec dates, lieux et \u00e0 quoi s\u2019attendre\" \/><\/a><\/div><!-- POST DETAILS -->\n\t\t                      <div class=\"post-details col-md-12\">\n\n\t\t                        <div class=\"title-n-excerpt\">\n\t\t                          <div class=\"post-category-comment-date row\">\n\n\t\t                              <!-- POST META: DATE -->\n\t\t                              <span class=\"post-date\">\n\t\t                                  <i class=\"fa fa-clock-o\"><\/i><span class=\"post-date-list\">Avr 2, 2026<\/span>\n\t\t                              <\/span>\n\n\t\t                              <!-- POST META: TAGS --><!-- POST META: AUTHOR --><span class=\"author\">\n\t\t                          \t  \t\t<i class=\"fa fa-user\"><\/i><a href=\"https:\/\/blog.apartmentbarcelona.com\/fr\/author\/apbcn\/\">Apartment Barcelona<\/a>\n\t\t                          \t  <\/span><\/div>\n\n\n\t\t                          <h3 class=\"post-name row\">\n\t\t                            <a href=\"https:\/\/blog.apartmentbarcelona.com\/fr\/eventos-a-barcelone-en-avril-2026-guide-complet-avec-dates-lieux-et-a-quoi-sattendre\/\" title=\"Eventos \u00e0 Barcelone en avril 2026 : guide complet avec dates, lieux et \u00e0 quoi s\u2019attendre\">Eventos \u00e0 Barcelone en avril 2026 : guide complet avec dates, lieux et \u00e0 quoi s\u2019attendre<\/a>\n\t\t                          <\/h3>\n              \t\t\t\t      <!-- POST CONTENT \/ EXCERPT -->\n\t\t\t\t                \t<div class=\"post-excerpt\"><p>Guide des \u00e9v\u00e9nements \u00e0 Barcelone en avril 2026 avec dates, lieux et incontournables pour profiter pleinement de la ville. [...]\n\t\t\t\t                  <\/p><\/div>\n\t\t                        <\/div>\n\t\t                      <\/div>\n\t\t                    <\/div><\/article><article class=\"single-post list-view col-md-12 normal-h\">\n\t\t        \t\t\t<div class=\"blog_custom\"><!-- POST THUMBNAIL --><div class=\"col-md-12 post-thumbnail\"><a class=\"relative\" href=\"https:\/\/blog.apartmentbarcelona.com\/fr\/story-of-antoni-gaudi-2\/\"><img decoding=\"async\" class=\"blog_post_image\" src=\"https:\/\/blog.apartmentbarcelona.com\/wp-content\/uploads\/2014\/04\/guell-1.jpg\" alt=\"L&#8217;histoire d&#8217;Antoni Gaud\u00ed, cr\u00e9ateur de la Sagrada Familia\" \/><\/a><\/div><!-- POST DETAILS -->\n\t\t                      <div class=\"post-details col-md-12\">\n\n\t\t                        <div class=\"title-n-excerpt\">\n\t\t                          <div class=\"post-category-comment-date row\">\n\n\t\t                              <!-- POST META: DATE -->\n\t\t                              <span class=\"post-date\">\n\t\t                                  <i class=\"fa fa-clock-o\"><\/i><span class=\"post-date-list\">Mar 31, 2026<\/span>\n\t\t                              <\/span>\n\n\t\t                              <!-- POST META: TAGS --><span class=\"post-tags\">\n\t\t                              \t\t<i class=\"fa fa-tags\"><\/i><span class=\"post-tags-list\"><a href=\"https:\/\/blog.apartmentbarcelona.com\/fr\/tag\/tourisme-barcelone\/\" rel=\"tag\">Tourisme Barcelone<\/a><\/span>\n\t\t                              <\/span><!-- POST META: AUTHOR --><span class=\"author\">\n\t\t                          \t  \t\t<i class=\"fa fa-user\"><\/i><a href=\"https:\/\/blog.apartmentbarcelona.com\/fr\/author\/adminwpapbcn\/\">adminwpapbcn<\/a>\n\t\t                          \t  <\/span><\/div>\n\n\n\t\t                          <h3 class=\"post-name row\">\n\t\t                            <a href=\"https:\/\/blog.apartmentbarcelona.com\/fr\/story-of-antoni-gaudi-2\/\" title=\"L&#8217;histoire d&#8217;Antoni Gaud\u00ed, cr\u00e9ateur de la Sagrada Familia\">L&#8217;histoire d&#8217;Antoni Gaud\u00ed, cr\u00e9ateur de la Sagrada Familia<\/a>\n\t\t                          <\/h3>\n              \t\t\t\t      <!-- POST CONTENT \/ EXCERPT -->\n\t\t\t\t                \t<div class=\"post-excerpt\"><p>De son vivant, son travail n&#8217;a pas toujours \u00e9t\u00e9 aussi bien accueilli qu&#8217;il aurait d\u00fb l&#8217;\u00eatre, beaucoup critiquant son style unique, repoussant toujours les limites et remettant en question ce que les gens pensaient autrefois [...]\n\t\t\t\t                  <\/p><\/div>\n\t\t                        <\/div>\n\t\t                      <\/div>\n\t\t                    <\/div><\/article><article class=\"single-post list-view col-md-12 normal-h\">\n\t\t        \t\t\t<div class=\"blog_custom\"><!-- POST THUMBNAIL --><div class=\"col-md-12 post-thumbnail\"><a class=\"relative\" href=\"https:\/\/blog.apartmentbarcelona.com\/fr\/quel-est-le-montant-de-la-taxe-de-sejour-a-barcelone-mise-a-jour-2026\/\"><img decoding=\"async\" class=\"blog_post_image\" src=\"https:\/\/blog.apartmentbarcelona.com\/wp-content\/uploads\/2026\/03\/admin-ajax-10.jpg\" alt=\"Quel est le montant de la taxe de s\u00e9jour \u00e0 Barcelone ? (mise \u00e0 jour 2026)\" \/><\/a><\/div><!-- POST DETAILS -->\n\t\t                      <div class=\"post-details col-md-12\">\n\n\t\t                        <div class=\"title-n-excerpt\">\n\t\t                          <div class=\"post-category-comment-date row\">\n\n\t\t                              <!-- POST META: DATE -->\n\t\t                              <span class=\"post-date\">\n\t\t                                  <i class=\"fa fa-clock-o\"><\/i><span class=\"post-date-list\">Mar 26, 2026<\/span>\n\t\t                              <\/span>\n\n\t\t                              <!-- POST META: TAGS --><!-- POST META: AUTHOR --><span class=\"author\">\n\t\t                          \t  \t\t<i class=\"fa fa-user\"><\/i><a href=\"https:\/\/blog.apartmentbarcelona.com\/fr\/author\/apbcn\/\">Apartment Barcelona<\/a>\n\t\t                          \t  <\/span><\/div>\n\n\n\t\t                          <h3 class=\"post-name row\">\n\t\t                            <a href=\"https:\/\/blog.apartmentbarcelona.com\/fr\/quel-est-le-montant-de-la-taxe-de-sejour-a-barcelone-mise-a-jour-2026\/\" title=\"Quel est le montant de la taxe de s\u00e9jour \u00e0 Barcelone ? (mise \u00e0 jour 2026)\">Quel est le montant de la taxe de s\u00e9jour \u00e0 Barcelone ? (mise \u00e0 jour 2026)<\/a>\n\t\t                          <\/h3>\n              \t\t\t\t      <!-- POST CONTENT \/ EXCERPT -->\n\t\t\t\t                \t<div class=\"post-excerpt\"><p>Si tu voyages ou viens \u00e0 Barcelone pour tes vacances, notre guide complet sur la taxe de s\u00e9jour dans la capitale catalane et dans le reste de la Catalogne t\u2019int\u00e9ressera. [...]\n\t\t\t\t                  <\/p><\/div>\n\t\t                        <\/div>\n\t\t                      <\/div>\n\t\t                    <\/div><\/article><article class=\"single-post list-view col-md-12 normal-h\">\n\t\t        \t\t\t<div class=\"blog_custom\"><!-- POST THUMBNAIL --><div class=\"col-md-12 post-thumbnail\"><a class=\"relative\" href=\"https:\/\/blog.apartmentbarcelona.com\/fr\/diner-dans-le-quartier-del-born-les-restaurants-a-ne-pas-manquer\/\"><img decoding=\"async\" class=\"blog_post_image\" src=\"https:\/\/blog.apartmentbarcelona.com\/wp-content\/uploads\/2026\/03\/admin-ajax.png\" alt=\"D\u00eener dans le quartier d\u2019El Born : les restaurants \u00e0 ne pas manquer\" \/><\/a><\/div><!-- POST DETAILS -->\n\t\t                      <div class=\"post-details col-md-12\">\n\n\t\t                        <div class=\"title-n-excerpt\">\n\t\t                          <div class=\"post-category-comment-date row\">\n\n\t\t                              <!-- POST META: DATE -->\n\t\t                              <span class=\"post-date\">\n\t\t                                  <i class=\"fa fa-clock-o\"><\/i><span class=\"post-date-list\">Mar 24, 2026<\/span>\n\t\t                              <\/span>\n\n\t\t                              <!-- POST META: TAGS --><!-- POST META: AUTHOR --><span class=\"author\">\n\t\t                          \t  \t\t<i class=\"fa fa-user\"><\/i><a href=\"https:\/\/blog.apartmentbarcelona.com\/fr\/author\/apbcn\/\">Apartment Barcelona<\/a>\n\t\t                          \t  <\/span><\/div>\n\n\n\t\t                          <h3 class=\"post-name row\">\n\t\t                            <a href=\"https:\/\/blog.apartmentbarcelona.com\/fr\/diner-dans-le-quartier-del-born-les-restaurants-a-ne-pas-manquer\/\" title=\"D\u00eener dans le quartier d\u2019El Born : les restaurants \u00e0 ne pas manquer\">D\u00eener dans le quartier d\u2019El Born : les restaurants \u00e0 ne pas manquer<\/a>\n\t\t                          <\/h3>\n              \t\t\t\t      <!-- POST CONTENT \/ EXCERPT -->\n\t\t\t\t                \t<div class=\"post-excerpt\"><p>D\u00e9couvre o\u00f9 d\u00eener \u00e0 El Born, l\u2019un des quartiers les plus gastronomiques de Barcelone. Des tapas traditionnelles aux options vegan ou aux restaurants de fruits de mer, cet article r\u00e9unit quelques-uns des meilleurs restaurants d\u2019El [...]\n\t\t\t\t                  <\/p><\/div>\n\t\t                        <\/div>\n\t\t                      <\/div>\n\t\t                    <\/div><\/article><\/div><\/div>[vc_btn title=&#8221;EN SAVOIR PLUS&#8221; shape=&#8221;square&#8221; color=&#8221;warning&#8221; align=&#8221;center&#8221; i_icon_fontawesome=&#8221;fa fa-brands fa-searchengin&#8221; css=&#8221;&#8221; add_icon=&#8221;true&#8221; link=&#8221;url:https%3A%2F%2Fblog.apartmentbarcelona.com%2Ffr%2F&#8221;][\/vc_column][vc_column width=&#8221;1\/3&#8243; el_class=&#8221;sidebar-shadow home-sidebar-right&#8221;][vc_widget_sidebar sidebar_id=&#8221;sidebar-1&#8243; el_class=&#8221;sidebar-content&#8221;][\/vc_column][\/vc_row][vc_row full_width=&#8221;stretch_row_content&#8221; css=&#8221;.vc_custom_1729583910263{background-color: #F5F4F4 !important;}&#8221;][vc_column][vc_single_image image=&#8221;3982&#8243; img_size=&#8221;full&#8221; alignment=&#8221;center&#8221; css=&#8221;&#8221;][\/vc_column][\/vc_row]<\/p>\n<\/div>","protected":false},"excerpt":{"rendered":"<p>[vc_row css=&#8221;.vc_custom_1543999578679{margin-top: 0px !important;margin-bottom: 80px !important;padding-top: 0px !important;}&#8221;][vc_column offset=&#8221;vc_hidden-sm vc_hidden-xs&#8221;][\/vc_column][\/vc_row][vc_row css=&#8221;.vc_custom_1543999641352{margin-bottom: 0px !important;}&#8221;][vc_column width=&#8221;2\/3&#8243; css=&#8221;.vc_custom_1543999650111{margin-bottom: 0px !important;}&#8221;][vc_btn title=&#8221;EN SAVOIR PLUS&#8221; shape=&#8221;square&#8221; color=&#8221;warning&#8221; align=&#8221;center&#8221; i_icon_fontawesome=&#8221;fa fa-brands fa-searchengin&#8221; css=&#8221;&#8221; add_icon=&#8221;true&#8221; link=&#8221;url:https%3A%2F%2Fblog.apartmentbarcelona.com%2Ffr%2F&#8221;][\/vc_column][vc_column width=&#8221;1\/3&#8243; el_class=&#8221;sidebar-shadow home-sidebar-right&#8221;][vc_widget_sidebar sidebar_id=&#8221;sidebar-1&#8243; el_class=&#8221;sidebar-content&#8221;][\/vc_column][\/vc_row][vc_row full_width=&#8221;stretch_row_content&#8221; css=&#8221;.vc_custom_1729583910263{background-color: #F5F4F4 !important;}&#8221;][vc_column][vc_single_image image=&#8221;3982&#8243; img_size=&#8221;full&#8221; alignment=&#8221;center&#8221; css=&#8221;&#8221;][\/vc_column][\/vc_row]<\/p>\n","protected":false},"author":1,"featured_media":0,"parent":0,"menu_order":0,"comment_status":"closed","ping_status":"closed","template":"","meta":{"om_disable_all_campaigns":false,"_monsterinsights_skip_tracking":false,"_monsterinsights_sitenote_active":false,"_monsterinsights_sitenote_note":"","_monsterinsights_sitenote_category":0,"footnotes":""},"class_list":["post-4075","page","type-page","status-publish","hentry"],"aioseo_notices":[],"_links":{"self":[{"href":"https:\/\/blog.apartmentbarcelona.com\/fr\/wp-json\/wp\/v2\/pages\/4075","targetHints":{"allow":["GET"]}}],"collection":[{"href":"https:\/\/blog.apartmentbarcelona.com\/fr\/wp-json\/wp\/v2\/pages"}],"about":[{"href":"https:\/\/blog.apartmentbarcelona.com\/fr\/wp-json\/wp\/v2\/types\/page"}],"author":[{"embeddable":true,"href":"https:\/\/blog.apartmentbarcelona.com\/fr\/wp-json\/wp\/v2\/users\/1"}],"replies":[{"embeddable":true,"href":"https:\/\/blog.apartmentbarcelona.com\/fr\/wp-json\/wp\/v2\/comments?post=4075"}],"version-history":[{"count":4,"href":"https:\/\/blog.apartmentbarcelona.com\/fr\/wp-json\/wp\/v2\/pages\/4075\/revisions"}],"predecessor-version":[{"id":74658,"href":"https:\/\/blog.apartmentbarcelona.com\/fr\/wp-json\/wp\/v2\/pages\/4075\/revisions\/74658"}],"wp:attachment":[{"href":"https:\/\/blog.apartmentbarcelona.com\/fr\/wp-json\/wp\/v2\/media?parent=4075"}],"curies":[{"name":"wp","href":"https:\/\/api.w.org\/{rel}","templated":true}]}}